{"version":"1.0","provider_name":"rapid-interim","provider_url":"https:\/\/rapid-interim.com","author_name":"Marie Dubois","author_url":"https:\/\/rapid-interim.com\/index.php\/author\/rapid-interim-com\/","title":"Le futur de l'int\u00e9rim d\u00e9tach\u00e9 en Europe - rapid-interim","type":"rich","width":600,"height":338,"html":"<blockquote class=\"wp-embedded-content\" data-secret=\"RVYkf6cmtQ\"><a href=\"https:\/\/rapid-interim.com\/index.php\/2024\/12\/12\/le-futur-de-linterim-detache-en-europe\/\">Le futur de l&rsquo;int\u00e9rim d\u00e9tach\u00e9 en Europe<\/a><\/blockquote><iframe sandbox=\"allow-scripts\" security=\"restricted\" src=\"https:\/\/rapid-interim.com\/index.php\/2024\/12\/12\/le-futur-de-linterim-detache-en-europe\/embed\/#?secret=RVYkf6cmtQ\" width=\"600\" height=\"338\" title=\"\u00ab\u00a0Le futur de l&rsquo;int\u00e9rim d\u00e9tach\u00e9 en Europe\u00a0\u00bb &#8212; rapid-interim\" data-secret=\"RVYkf6cmtQ\" frameborder=\"0\" marginwidth=\"0\" marginheight=\"0\" scrolling=\"no\" class=\"wp-embedded-content\"><\/iframe><script type=\"text\/javascript\">\n\/* <![CDATA[ *\/\n\/*! This file is auto-generated *\/\n!function(d,l){\"use strict\";l.querySelector&&d.addEventListener&&\"undefined\"!=typeof URL&&(d.wp=d.wp||{},d.wp.receiveEmbedMessage||(d.wp.receiveEmbedMessage=function(e){var t=e.data;if((t||t.secret||t.message||t.value)&&!\/[^a-zA-Z0-9]\/.test(t.secret)){for(var s,r,n,a=l.querySelectorAll('iframe[data-secret=\"'+t.secret+'\"]'),o=l.querySelectorAll('blockquote[data-secret=\"'+t.secret+'\"]'),c=new RegExp(\"^https?:$\",\"i\"),i=0;i<o.length;i++)o[i].style.display=\"none\";for(i=0;i<a.length;i++)s=a[i],e.source===s.contentWindow&&(s.removeAttribute(\"style\"),\"height\"===t.message?(1e3<(r=parseInt(t.value,10))?r=1e3:~~r<200&&(r=200),s.height=r):\"link\"===t.message&&(r=new URL(s.getAttribute(\"src\")),n=new URL(t.value),c.test(n.protocol))&&n.host===r.host&&l.activeElement===s&&(d.top.location.href=t.value))}},d.addEventListener(\"message\",d.wp.receiveEmbedMessage,!1),l.addEventListener(\"DOMContentLoaded\",function(){for(var e,t,s=l.querySelectorAll(\"iframe.wp-embedded-content\"),r=0;r<s.length;r++)(t=(e=s[r]).getAttribute(\"data-secret\"))||(t=Math.random().toString(36).substring(2,12),e.src+=\"#?secret=\"+t,e.setAttribute(\"data-secret\",t)),e.contentWindow.postMessage({message:\"ready\",secret:t},\"*\")},!1)))}(window,document);\n\/\/# sourceURL=https:\/\/rapid-interim.com\/wp-includes\/js\/wp-embed.min.js\n\/* ]]> *\/\n<\/script>\n","thumbnail_url":"https:\/\/rapid-interim.com\/wp-content\/uploads\/2024\/10\/Porteur-forestier-1510E-John-Deere-01.jpg","thumbnail_width":1024,"thumbnail_height":768,"description":"L\u2019int\u00e9rim d\u00e9tach\u00e9, qui permet aux entreprises europ\u00e9ennes de b\u00e9n\u00e9ficier des comp\u00e9tences de travailleurs d\u2019autres pays membres de l\u2019Union europ\u00e9enne, joue un r\u00f4le cl\u00e9 dans le dynamisme du march\u00e9 du travail. Alors que l\u2019Europe traverse des transformations \u00e9conomiques et sociales majeures, l\u2019avenir de cette forme de travail \u00e9volue sous l\u2019influence de divers facteurs. Cet article explore [&hellip;]"}